{"id":272,"date":"2023-09-25T21:44:57","date_gmt":"2023-09-25T21:44:57","guid":{"rendered":"https:\/\/ircacasabierta.org\/?page_id=272"},"modified":"2024-02-05T14:19:57","modified_gmt":"2024-02-05T20:19:57","slug":"trabajo-social","status":"publish","type":"page","link":"https:\/\/ircacasabierta.org\/en\/trabajo-social\/","title":{"rendered":"Trabajo social"},"content":{"rendered":"<div data-elementor-type=\"wp-post\" data-elementor-id=\"272\" class=\"elementor elementor-272\" data-elementor-post-type=\"page\">\n\t\t\t\t<div class=\"elementor-element elementor-element-0d3dc6a e-con-full e-flex e-con e-parent\" data-id=\"0d3dc6a\" data-element_type=\"container\" data-e-type=\"container\" data-settings=\"{&quot;background_background&quot;:&quot;classic&quot;,&quot;animation&quot;:&quot;none&quot;}\">\n\t\t<div class=\"elementor-element elementor-element-eb350a3 e-transform e-flex e-con-boxed e-con e-child\" data-id=\"eb350a3\" data-element_type=\"container\" data-e-type=\"container\" data-settings=\"{&quot;background_background&quot;:&quot;classic&quot;,&quot;_transform_scale_effect&quot;:{&quot;unit&quot;:&quot;px&quot;,&quot;size&quot;:&quot;&quot;,&quot;sizes&quot;:[]},&quot;_transform_scale_effect_tablet&quot;:{&quot;unit&quot;:&quot;px&quot;,&quot;size&quot;:&quot;&quot;,&quot;sizes&quot;:[]},&quot;_transform_scale_effect_mobile&quot;:{&quot;unit&quot;:&quot;px&quot;,&quot;size&quot;:&quot;&quot;,&quot;sizes&quot;:[]}}\">\n\t\t\t\t\t<div class=\"e-con-inner\">\n\t\t\t\t<div class=\"elementor-element elementor-element-102ac65 elementor-widget__width-initial e-transform elementor-invisible elementor-widget elementor-widget-heading\" data-id=\"102ac65\" data-element_type=\"widget\" data-e-type=\"widget\" data-settings=\"{&quot;_animation&quot;:&quot;fadeIn&quot;,&quot;_transform_translateX_effect&quot;:{&quot;unit&quot;:&quot;px&quot;,&quot;size&quot;:&quot;&quot;,&quot;sizes&quot;:[]},&quot;_transform_translateX_effect_tablet&quot;:{&quot;unit&quot;:&quot;px&quot;,&quot;size&quot;:&quot;&quot;,&quot;sizes&quot;:[]},&quot;_transform_translateX_effect_mobile&quot;:{&quot;unit&quot;:&quot;px&quot;,&quot;size&quot;:&quot;&quot;,&quot;sizes&quot;:[]},&quot;_transform_translateY_effect&quot;:{&quot;unit&quot;:&quot;px&quot;,&quot;size&quot;:&quot;&quot;,&quot;sizes&quot;:[]},&quot;_transform_translateY_effect_tablet&quot;:{&quot;unit&quot;:&quot;px&quot;,&quot;size&quot;:&quot;&quot;,&quot;sizes&quot;:[]},&quot;_transform_translateY_effect_mobile&quot;:{&quot;unit&quot;:&quot;px&quot;,&quot;size&quot;:&quot;&quot;,&quot;sizes&quot;:[]}}\" data-widget_type=\"heading.default\">\n\t\t\t\t<div class=\"elementor-widget-container\">\n\t\t\t\t\t<h2 class=\"elementor-heading-title elementor-size-default\">Conozca el trabajo de Trabajo Social<\/h2>\t\t\t\t<\/div>\n\t\t\t\t<\/div>\n\t\t\t\t\t<\/div>\n\t\t\t\t<\/div>\n\t\t\t\t<\/div>\n\t\t<div class=\"elementor-element elementor-element-2705198 e-flex e-con-boxed e-con e-parent\" data-id=\"2705198\" data-element_type=\"container\" data-e-type=\"container\">\n\t\t\t\t\t<div class=\"e-con-inner\">\n\t\t<div class=\"elementor-element elementor-element-9268cb1 e-flex e-con-boxed e-con e-child\" data-id=\"9268cb1\" data-element_type=\"container\" data-e-type=\"container\">\n\t\t\t\t\t<div class=\"e-con-inner\">\n\t\t<div class=\"elementor-element elementor-element-8d566f8 e-grid e-con-boxed e-con e-child\" data-id=\"8d566f8\" data-element_type=\"container\" data-e-type=\"container\">\n\t\t\t\t\t<div class=\"e-con-inner\">\n\t\t\t\t<div class=\"elementor-element elementor-element-e4aa4bf elementor-widget elementor-widget-text-editor\" data-id=\"e4aa4bf\" data-element_type=\"widget\" data-e-type=\"widget\" data-widget_type=\"text-editor.default\">\n\t\t\t\t<div class=\"elementor-widget-container\">\n\t\t\t\t\t\t\t\t\t<p><b>Trabajo Social <\/b>realiza la valoraci\u00f3n social a la poblaci\u00f3n de inter\u00e9s que solicita servicios en IRCA CASABIERTA, con el objetivo de identificar necesidades, construir un plan de intervenci\u00f3n y gestionar recursos de apoyo. Tambi\u00e9n&nbsp;planifica y facilita procesos socioeducativos, con la finalidad de promover los derechos humanos y la integraci\u00f3n social.<\/p>\n<p><br><\/p>\t\t\t\t\t\t\t\t<\/div>\n\t\t\t\t<\/div>\n\t\t\t\t\t<\/div>\n\t\t\t\t<\/div>\n\t\t\t\t\t<\/div>\n\t\t\t\t<\/div>\n\t\t\t\t\t<\/div>\n\t\t\t\t<\/div>\n\t\t<div class=\"elementor-element elementor-element-2f40d59 e-flex e-con-boxed elementor-invisible e-con e-parent\" data-id=\"2f40d59\" data-element_type=\"container\" data-e-type=\"container\" data-settings=\"{&quot;animation&quot;:&quot;fadeInUp&quot;}\">\n\t\t\t\t\t<div class=\"e-con-inner\">\n\t\t<div class=\"elementor-element elementor-element-f5beb5c e-flex e-con-boxed e-con e-child\" data-id=\"f5beb5c\" data-element_type=\"container\" data-e-type=\"container\">\n\t\t\t\t\t<div class=\"e-con-inner\">\n\t\t<div class=\"elementor-element elementor-element-275d631 e-grid e-con-boxed e-con e-child\" data-id=\"275d631\" data-element_type=\"container\" data-e-type=\"container\">\n\t\t\t\t\t<div class=\"e-con-inner\">\n\t\t\t\t<div class=\"elementor-element elementor-element-b1cb22c elementor-flip-box--effect-fade elementor-widget elementor-widget-flip-box\" data-id=\"b1cb22c\" data-element_type=\"widget\" data-e-type=\"widget\" data-widget_type=\"flip-box.default\">\n\t\t\t\t<div class=\"elementor-widget-container\">\n\t\t\t\t\t\t\t<div class=\"elementor-flip-box\" tabindex=\"0\">\n\t\t\t<div class=\"elementor-flip-box__layer elementor-flip-box__front\">\n\t\t\t\t<div class=\"elementor-flip-box__layer__overlay\">\n\t\t\t\t\t<div class=\"elementor-flip-box__layer__inner\">\n\t\t\t\t\t\t\n\t\t\t\t\t\t\t\t\t\t\t\t\t<h3 class=\"elementor-flip-box__layer__title\">\n\t\t\t\t\t\t\t\tValoraciones\t\t\t\t\t\t\t<\/h3>\n\t\t\t\t\t\t\n\t\t\t\t\t\t\t\t\t\t\t<\/div>\n\t\t\t\t<\/div>\n\t\t\t<\/div>\n\t\t\t<div class=\"elementor-flip-box__layer elementor-flip-box__back\">\n\t\t\t<div class=\"elementor-flip-box__layer__overlay\">\n\t\t\t\t<div class=\"elementor-flip-box__layer__inner\">\n\t\t\t\t\t\n\t\t\t\t\t\t\t\t\t\t\t<div class=\"elementor-flip-box__layer__description\">\n\t\t\t\t\t\t\tEntrevistas, visitas domiciliarias, identifica necesidades, riesgos y coordinar atenci\u00f3n \t\t\t\t\t\t<\/div>\n\t\t\t\t\t\n\t\t\t\t\t\t\t\t<\/div>\n\t\t<\/div>\n\t\t<\/div>\n\t\t<\/div>\n\t\t\t\t\t\t<\/div>\n\t\t\t\t<\/div>\n\t\t\t\t<div class=\"elementor-element elementor-element-17bad22 elementor-flip-box--effect-fade elementor-widget elementor-widget-flip-box\" data-id=\"17bad22\" data-element_type=\"widget\" data-e-type=\"widget\" data-widget_type=\"flip-box.default\">\n\t\t\t\t<div class=\"elementor-widget-container\">\n\t\t\t\t\t\t\t<div class=\"elementor-flip-box\" tabindex=\"0\">\n\t\t\t<div class=\"elementor-flip-box__layer elementor-flip-box__front\">\n\t\t\t\t<div class=\"elementor-flip-box__layer__overlay\">\n\t\t\t\t\t<div class=\"elementor-flip-box__layer__inner\">\n\t\t\t\t\t\t\t\t\t\t\t\t\t<div class=\"elementor-icon-wrapper elementor-view-default\">\n\t\t\t\t\t\t\t\t<div class=\"elementor-icon\">\n\t\t\t\t\t\t\t\t\t\t\t\t\t\t\t\t\t<\/div>\n\t\t\t\t\t\t\t<\/div>\n\t\t\t\t\t\t\n\t\t\t\t\t\t\t\t\t\t\t\t\t<h3 class=\"elementor-flip-box__layer__title\">\n\t\t\t\t\t\t\t\tIdentificaci\u00f3n\t\t\t\t\t\t\t<\/h3>\n\t\t\t\t\t\t\n\t\t\t\t\t\t\t\t\t\t\t<\/div>\n\t\t\t\t<\/div>\n\t\t\t<\/div>\n\t\t\t<div class=\"elementor-flip-box__layer elementor-flip-box__back\">\n\t\t\t<div class=\"elementor-flip-box__layer__overlay\">\n\t\t\t\t<div class=\"elementor-flip-box__layer__inner\">\n\t\t\t\t\t\n\t\t\t\t\t\t\t\t\t\t\t<div class=\"elementor-flip-box__layer__description\">\n\t\t\t\t\t\t\tIdentificaci\u00f3n de necesidades, riesgos y coordina atenci\u00f3n con otras \u00e1reas ante situaciones de emergencia de la poblaci\u00f3n de inter\u00e9s.\n\t\t\t\t\t\t<\/div>\n\t\t\t\t\t\n\t\t\t\t\t\t\t\t<\/div>\n\t\t<\/div>\n\t\t<\/div>\n\t\t<\/div>\n\t\t\t\t\t\t<\/div>\n\t\t\t\t<\/div>\n\t\t\t\t<div class=\"elementor-element elementor-element-b2ef544 elementor-flip-box--effect-fade elementor-widget elementor-widget-flip-box\" data-id=\"b2ef544\" data-element_type=\"widget\" data-e-type=\"widget\" data-widget_type=\"flip-box.default\">\n\t\t\t\t<div class=\"elementor-widget-container\">\n\t\t\t\t\t\t\t<div class=\"elementor-flip-box\" tabindex=\"0\">\n\t\t\t<div class=\"elementor-flip-box__layer elementor-flip-box__front\">\n\t\t\t\t<div class=\"elementor-flip-box__layer__overlay\">\n\t\t\t\t\t<div class=\"elementor-flip-box__layer__inner\">\n\t\t\t\t\t\t\t\t\t\t\t\t\t<div class=\"elementor-icon-wrapper elementor-view-default\">\n\t\t\t\t\t\t\t\t<div class=\"elementor-icon\">\n\t\t\t\t\t\t\t\t\t\t\t\t\t\t\t\t\t<\/div>\n\t\t\t\t\t\t\t<\/div>\n\t\t\t\t\t\t\n\t\t\t\t\t\t\t\t\t\t\t\t\t<h3 class=\"elementor-flip-box__layer__title\">\n\t\t\t\t\t\t\t\tReferencias\t\t\t\t\t\t\t<\/h3>\n\t\t\t\t\t\t\n\t\t\t\t\t\t\t\t\t\t\t<\/div>\n\t\t\t\t<\/div>\n\t\t\t<\/div>\n\t\t\t<div class=\"elementor-flip-box__layer elementor-flip-box__back\">\n\t\t\t<div class=\"elementor-flip-box__layer__overlay\">\n\t\t\t\t<div class=\"elementor-flip-box__layer__inner\">\n\t\t\t\t\t\n\t\t\t\t\t\t\t\t\t\t\t<div class=\"elementor-flip-box__layer__description\">\n\t\t\t\t\t\t\tReferencia y gesti\u00f3n de la intervenci\u00f3n social  a otras organizaciones o instituciones seg\u00fan lo requieran las necesidades de la persona de inter\u00e9s. \t\t\t\t\t\t<\/div>\n\t\t\t\t\t\n\t\t\t\t\t\t\t\t<\/div>\n\t\t<\/div>\n\t\t<\/div>\n\t\t<\/div>\n\t\t\t\t\t\t<\/div>\n\t\t\t\t<\/div>\n\t\t\t\t\t<\/div>\n\t\t\t\t<\/div>\n\t\t\t\t\t<\/div>\n\t\t\t\t<\/div>\n\t\t\t\t\t<\/div>\n\t\t\t\t<\/div>\n\t\t\t\t<\/div>","protected":false},"excerpt":{"rendered":"<p>Conozca el trabajo de Trabajo Social Trabajo Social realiza la valoraci\u00f3n social a la poblaci\u00f3n de inter\u00e9s que solicita servicios en IRCA CASABIERTA, con el objetivo de identificar necesidades, construir un plan de intervenci\u00f3n y gestionar recursos de apoyo. Tambi\u00e9n&nbsp;planifica y facilita procesos socioeducativos, con la finalidad de promover los derechos humanos y la integraci\u00f3n<\/p>","protected":false},"author":1,"featured_media":0,"parent":0,"menu_order":0,"comment_status":"closed","ping_status":"closed","template":"","meta":{"_rtcl_gb_attr":"","footnotes":""},"class_list":["post-272","page","type-page","status-publish","hentry"],"yoast_head":"<!-- This site is optimized with the Yoast SEO plugin v27.1.1 - https:\/\/yoast.com\/product\/yoast-seo-wordpress\/ -->\n<title>Trabajo social - IRCA CASABIERTA<\/title>\n<meta name=\"robots\" content=\"index, follow, max-snippet:-1, max-image-preview:large, max-video-preview:-1\" \/>\n<link rel=\"canonical\" href=\"https:\/\/ircacasabierta.org\/en\/trabajo-social\/\" \/>\n<meta property=\"og:locale\" content=\"en_US\" \/>\n<meta property=\"og:type\" content=\"article\" \/>\n<meta property=\"og:title\" content=\"Trabajo social - IRCA CASABIERTA\" \/>\n<meta property=\"og:description\" content=\"Conozca el trabajo de Trabajo Social Trabajo Social realiza la valoraci\u00f3n social a la poblaci\u00f3n de inter\u00e9s que solicita servicios en IRCA CASABIERTA, con el objetivo de identificar necesidades, construir un plan de intervenci\u00f3n y gestionar recursos de apoyo. Tambi\u00e9n&nbsp;planifica y facilita procesos socioeducativos, con la finalidad de promover los derechos humanos y la integraci\u00f3n\" \/>\n<meta property=\"og:url\" content=\"https:\/\/ircacasabierta.org\/en\/trabajo-social\/\" \/>\n<meta property=\"og:site_name\" content=\"IRCA CASABIERTA\" \/>\n<meta property=\"article:publisher\" content=\"https:\/\/www.facebook.com\/IRCA.CASABIERTA\" \/>\n<meta property=\"article:modified_time\" content=\"2024-02-05T20:19:57+00:00\" \/>\n<meta name=\"twitter:card\" content=\"summary_large_image\" \/>\n<meta name=\"twitter:site\" content=\"@ICasabierta\" \/>\n<meta name=\"twitter:label1\" content=\"Est. reading time\" \/>\n\t<meta name=\"twitter:data1\" content=\"1 minute\" \/>\n<script type=\"application\/ld+json\" class=\"yoast-schema-graph\">{\"@context\":\"https:\/\/schema.org\",\"@graph\":[{\"@type\":\"WebPage\",\"@id\":\"https:\/\/ircacasabierta.org\/trabajo-social\/\",\"url\":\"https:\/\/ircacasabierta.org\/trabajo-social\/\",\"name\":\"Trabajo social - IRCA CASABIERTA\",\"isPartOf\":{\"@id\":\"https:\/\/ircacasabierta.org\/#website\"},\"datePublished\":\"2023-09-25T21:44:57+00:00\",\"dateModified\":\"2024-02-05T20:19:57+00:00\",\"breadcrumb\":{\"@id\":\"https:\/\/ircacasabierta.org\/trabajo-social\/#breadcrumb\"},\"inLanguage\":\"en-US\",\"potentialAction\":[{\"@type\":\"ReadAction\",\"target\":[\"https:\/\/ircacasabierta.org\/trabajo-social\/\"]}]},{\"@type\":\"BreadcrumbList\",\"@id\":\"https:\/\/ircacasabierta.org\/trabajo-social\/#breadcrumb\",\"itemListElement\":[{\"@type\":\"ListItem\",\"position\":1,\"name\":\"Portada\",\"item\":\"https:\/\/ircacasabierta.org\/\"},{\"@type\":\"ListItem\",\"position\":2,\"name\":\"Trabajo social\"}]},{\"@type\":\"WebSite\",\"@id\":\"https:\/\/ircacasabierta.org\/#website\",\"url\":\"https:\/\/ircacasabierta.org\/\",\"name\":\"IRCA CASABIERTA\",\"description\":\"Instituto sobre Migraci\u00f3n y Refugio LGBTIQ para Centroam\u00e9rica\",\"publisher\":{\"@id\":\"https:\/\/ircacasabierta.org\/#organization\"},\"potentialAction\":[{\"@type\":\"SearchAction\",\"target\":{\"@type\":\"EntryPoint\",\"urlTemplate\":\"https:\/\/ircacasabierta.org\/?s={search_term_string}\"},\"query-input\":{\"@type\":\"PropertyValueSpecification\",\"valueRequired\":true,\"valueName\":\"search_term_string\"}}],\"inLanguage\":\"en-US\"},{\"@type\":\"Organization\",\"@id\":\"https:\/\/ircacasabierta.org\/#organization\",\"name\":\"IRCA CASABIERTA\",\"url\":\"https:\/\/ircacasabierta.org\/\",\"logo\":{\"@type\":\"ImageObject\",\"inLanguage\":\"en-US\",\"@id\":\"https:\/\/ircacasabierta.org\/#\/schema\/logo\/image\/\",\"url\":\"https:\/\/ircacasabierta.org\/wp-content\/uploads\/2023\/09\/LOGOTIPO-IRCA-CASABIERTA-COMPLETO.png\",\"contentUrl\":\"https:\/\/ircacasabierta.org\/wp-content\/uploads\/2023\/09\/LOGOTIPO-IRCA-CASABIERTA-COMPLETO.png\",\"width\":1651,\"height\":474,\"caption\":\"IRCA CASABIERTA\"},\"image\":{\"@id\":\"https:\/\/ircacasabierta.org\/#\/schema\/logo\/image\/\"},\"sameAs\":[\"https:\/\/www.facebook.com\/IRCA.CASABIERTA\",\"https:\/\/x.com\/ICasabierta\",\"https:\/\/www.instagram.com\/ircacasabierta\/\"]}]}<\/script>\n<!-- \/ Yoast SEO plugin. -->","yoast_head_json":{"title":"Trabajo social - IRCA CASABIERTA","robots":{"index":"index","follow":"follow","max-snippet":"max-snippet:-1","max-image-preview":"max-image-preview:large","max-video-preview":"max-video-preview:-1"},"canonical":"https:\/\/ircacasabierta.org\/en\/trabajo-social\/","og_locale":"en_US","og_type":"article","og_title":"Trabajo social - IRCA CASABIERTA","og_description":"Conozca el trabajo de Trabajo Social Trabajo Social realiza la valoraci\u00f3n social a la poblaci\u00f3n de inter\u00e9s que solicita servicios en IRCA CASABIERTA, con el objetivo de identificar necesidades, construir un plan de intervenci\u00f3n y gestionar recursos de apoyo. Tambi\u00e9n&nbsp;planifica y facilita procesos socioeducativos, con la finalidad de promover los derechos humanos y la integraci\u00f3n","og_url":"https:\/\/ircacasabierta.org\/en\/trabajo-social\/","og_site_name":"IRCA CASABIERTA","article_publisher":"https:\/\/www.facebook.com\/IRCA.CASABIERTA","article_modified_time":"2024-02-05T20:19:57+00:00","twitter_card":"summary_large_image","twitter_site":"@ICasabierta","twitter_misc":{"Est. reading time":"1 minute"},"schema":{"@context":"https:\/\/schema.org","@graph":[{"@type":"WebPage","@id":"https:\/\/ircacasabierta.org\/trabajo-social\/","url":"https:\/\/ircacasabierta.org\/trabajo-social\/","name":"Trabajo social - IRCA CASABIERTA","isPartOf":{"@id":"https:\/\/ircacasabierta.org\/#website"},"datePublished":"2023-09-25T21:44:57+00:00","dateModified":"2024-02-05T20:19:57+00:00","breadcrumb":{"@id":"https:\/\/ircacasabierta.org\/trabajo-social\/#breadcrumb"},"inLanguage":"en-US","potentialAction":[{"@type":"ReadAction","target":["https:\/\/ircacasabierta.org\/trabajo-social\/"]}]},{"@type":"BreadcrumbList","@id":"https:\/\/ircacasabierta.org\/trabajo-social\/#breadcrumb","itemListElement":[{"@type":"ListItem","position":1,"name":"Portada","item":"https:\/\/ircacasabierta.org\/"},{"@type":"ListItem","position":2,"name":"Trabajo social"}]},{"@type":"WebSite","@id":"https:\/\/ircacasabierta.org\/#website","url":"https:\/\/ircacasabierta.org\/","name":"IRCA CASABIERTA","description":"Instituto sobre Migraci\u00f3n y Refugio LGBTIQ para Centroam\u00e9rica","publisher":{"@id":"https:\/\/ircacasabierta.org\/#organization"},"potentialAction":[{"@type":"SearchAction","target":{"@type":"EntryPoint","urlTemplate":"https:\/\/ircacasabierta.org\/?s={search_term_string}"},"query-input":{"@type":"PropertyValueSpecification","valueRequired":true,"valueName":"search_term_string"}}],"inLanguage":"en-US"},{"@type":"Organization","@id":"https:\/\/ircacasabierta.org\/#organization","name":"IRCA CASABIERTA","url":"https:\/\/ircacasabierta.org\/","logo":{"@type":"ImageObject","inLanguage":"en-US","@id":"https:\/\/ircacasabierta.org\/#\/schema\/logo\/image\/","url":"https:\/\/ircacasabierta.org\/wp-content\/uploads\/2023\/09\/LOGOTIPO-IRCA-CASABIERTA-COMPLETO.png","contentUrl":"https:\/\/ircacasabierta.org\/wp-content\/uploads\/2023\/09\/LOGOTIPO-IRCA-CASABIERTA-COMPLETO.png","width":1651,"height":474,"caption":"IRCA CASABIERTA"},"image":{"@id":"https:\/\/ircacasabierta.org\/#\/schema\/logo\/image\/"},"sameAs":["https:\/\/www.facebook.com\/IRCA.CASABIERTA","https:\/\/x.com\/ICasabierta","https:\/\/www.instagram.com\/ircacasabierta\/"]}]}},"_links":{"self":[{"href":"https:\/\/ircacasabierta.org\/en\/wp-json\/wp\/v2\/pages\/272","targetHints":{"allow":["GET"]}}],"collection":[{"href":"https:\/\/ircacasabierta.org\/en\/wp-json\/wp\/v2\/pages"}],"about":[{"href":"https:\/\/ircacasabierta.org\/en\/wp-json\/wp\/v2\/types\/page"}],"author":[{"embeddable":true,"href":"https:\/\/ircacasabierta.org\/en\/wp-json\/wp\/v2\/users\/1"}],"replies":[{"embeddable":true,"href":"https:\/\/ircacasabierta.org\/en\/wp-json\/wp\/v2\/comments?post=272"}],"version-history":[{"count":25,"href":"https:\/\/ircacasabierta.org\/en\/wp-json\/wp\/v2\/pages\/272\/revisions"}],"predecessor-version":[{"id":10752,"href":"https:\/\/ircacasabierta.org\/en\/wp-json\/wp\/v2\/pages\/272\/revisions\/10752"}],"wp:attachment":[{"href":"https:\/\/ircacasabierta.org\/en\/wp-json\/wp\/v2\/media?parent=272"}],"curies":[{"name":"wp","href":"https:\/\/api.w.org\/{rel}","templated":true}]}}