{"id":181,"date":"2023-09-21T17:07:04","date_gmt":"2023-09-21T17:07:04","guid":{"rendered":"https:\/\/ircacasabierta.org\/?page_id=181"},"modified":"2024-02-06T16:27:22","modified_gmt":"2024-02-06T22:27:22","slug":"centro-de-integracion-y-desarrollo","status":"publish","type":"page","link":"https:\/\/ircacasabierta.org\/en\/centro-de-integracion-y-desarrollo\/","title":{"rendered":"Centro de Integraci\u00f3n y Desarrollo"},"content":{"rendered":"<div data-elementor-type=\"wp-post\" data-elementor-id=\"181\" class=\"elementor elementor-181\" data-elementor-post-type=\"page\">\n\t\t\t\t<div class=\"elementor-element elementor-element-db3ebc6 e-flex e-con-boxed e-con e-parent\" data-id=\"db3ebc6\" data-element_type=\"container\" data-e-type=\"container\" data-settings=\"{&quot;background_background&quot;:&quot;classic&quot;,&quot;animation&quot;:&quot;none&quot;}\">\n\t\t\t\t\t<div class=\"e-con-inner\">\n\t\t\t\t<div class=\"elementor-element elementor-element-ed7d984 elementor-widget__width-initial elementor-invisible elementor-widget elementor-widget-heading\" data-id=\"ed7d984\" data-element_type=\"widget\" data-e-type=\"widget\" data-settings=\"{&quot;_animation&quot;:&quot;fadeIn&quot;}\" data-widget_type=\"heading.default\">\n\t\t\t\t<div class=\"elementor-widget-container\">\n\t\t\t\t\t<h2 class=\"elementor-heading-title elementor-size-default\">Centro de Integraci\u00f3n y Desarrollo<\/h2>\t\t\t\t<\/div>\n\t\t\t\t<\/div>\n\t\t\t\t\t<\/div>\n\t\t\t\t<\/div>\n\t\t<div class=\"elementor-element elementor-element-de7e0cd e-flex e-con-boxed e-con e-parent\" data-id=\"de7e0cd\" data-element_type=\"container\" data-e-type=\"container\">\n\t\t\t\t\t<div class=\"e-con-inner\">\n\t\t\t\t\t<\/div>\n\t\t\t\t<\/div>\n\t\t<div class=\"elementor-element elementor-element-9be0e17 e-flex e-con-boxed e-con e-parent\" data-id=\"9be0e17\" data-element_type=\"container\" data-e-type=\"container\">\n\t\t\t\t\t<div class=\"e-con-inner\">\n\t\t\t\t<div class=\"elementor-element elementor-element-55279d2 elementor-widget elementor-widget-image\" data-id=\"55279d2\" data-element_type=\"widget\" data-e-type=\"widget\" data-widget_type=\"image.default\">\n\t\t\t\t<div class=\"elementor-widget-container\">\n\t\t\t\t\t\t\t\t\t\t\t\t\t\t\t<img fetchpriority=\"high\" decoding=\"async\" width=\"791\" height=\"1024\" src=\"https:\/\/ircacasabierta.org\/wp-content\/uploads\/2023\/10\/LOGO-CID-version-final-791x1024.png\" class=\"attachment-large size-large wp-image-777\" alt=\"\" srcset=\"https:\/\/ircacasabierta.org\/wp-content\/uploads\/2023\/10\/LOGO-CID-version-final-791x1024.png 791w, https:\/\/ircacasabierta.org\/wp-content\/uploads\/2023\/10\/LOGO-CID-version-final-232x300.png 232w, https:\/\/ircacasabierta.org\/wp-content\/uploads\/2023\/10\/LOGO-CID-version-final-768x994.png 768w, https:\/\/ircacasabierta.org\/wp-content\/uploads\/2023\/10\/LOGO-CID-version-final-1187x1536.png 1187w, https:\/\/ircacasabierta.org\/wp-content\/uploads\/2023\/10\/LOGO-CID-version-final.png 1275w\" sizes=\"(max-width: 791px) 100vw, 791px\" title=\"\" \/>\t\t\t\t\t\t\t\t\t\t\t\t\t\t\t<\/div>\n\t\t\t\t<\/div>\n\t\t\t\t<div class=\"elementor-element elementor-element-d05419d elementor-widget__width-initial elementor-widget elementor-widget-text-editor\" data-id=\"d05419d\" data-element_type=\"widget\" data-e-type=\"widget\" data-widget_type=\"text-editor.default\">\n\t\t\t\t<div class=\"elementor-widget-container\">\n\t\t\t\t\t\t\t\t\t<p dir=\"ltr\" style=\"font-size: 16px; line-height: 1.38; margin-top: 0pt; margin-bottom: 0pt;\"><span style=\"font-size: 11pt; font-family: Arial, sans-serif; color: #000000; background-color: transparent; font-variant-numeric: normal; font-variant-east-asian: normal; font-variant-alternates: normal; font-variant-position: normal; vertical-align: baseline; white-space-collapse: preserve;\"><span style=\"font-weight: bold;\">El Centro de Integraci\u00f3n y Desarrollo \u2013 C.I.D<\/span><\/span><span style=\"font-size: 11pt; font-family: Arial, sans-serif; color: #000000; background-color: transparent; font-variant-numeric: normal; font-variant-east-asian: normal; font-variant-alternates: normal; font-variant-position: normal; vertical-align: baseline; white-space-collapse: preserve;\">., es el dispositivo de formaci\u00f3n y tutor\u00edas de IRCA CASABIERTA, creado con el objetivo de provocar oportunidades de empleabilidad y emprendimiento, por medio de servicios de formaci\u00f3n socio-educativa, orientaci\u00f3n y asesor\u00eda, que estimulan la autoconfianza, la voluntad y, la toma de decisiones, en un contexto real costarricense, que atiende las necesidades urgentes de integraci\u00f3n y fortalecimiento econ\u00f3mico de las poblaciones LGBTIQ migrantes, refugiadas y solicitantes de refugio, que han recibido servicio en la Plataforma de IRCA CASABIERTA.<\/span><\/p><p dir=\"ltr\" style=\"font-size: 16px; line-height: 1.38; margin-top: 12pt; margin-bottom: 12pt;\"><span style=\"font-size: 11pt; font-family: Arial, sans-serif; color: #000000; background-color: transparent; font-variant-numeric: normal; font-variant-east-asian: normal; font-variant-alternates: normal; font-variant-position: normal; vertical-align: baseline; white-space-collapse: preserve;\">La gesti\u00f3n del Centro De Integraci\u00f3n Y Desarrollo \u2013 C.I.D desarrolla una agenda de articulaciones y alianzas estrat\u00e9gicas con diferentes entes de la sociedad civil, la empresa privada y las instituciones p\u00fablicas, a prop\u00f3sito de potenciar espacios de integraci\u00f3n laboral, educativa, cultural, art\u00edstica y social, con el fin de favorecer las capacidades productivas y de desarrollo propositivo, en un escenario de resiliencia, as\u00ed como el arraigo de las poblaciones migrantes, refugiadas y solicitantes de refugio en Costa Rica.<\/span><\/p><p dir=\"ltr\" style=\"font-size: 16px; line-height: 1.38; margin-top: 12pt; margin-bottom: 12pt;\"><span style=\"font-size: 11pt; font-family: Arial, sans-serif; color: #000000; background-color: transparent; font-variant-numeric: normal; font-variant-east-asian: normal; font-variant-alternates: normal; font-variant-position: normal; vertical-align: baseline; white-space-collapse: preserve;\">El Centro De Integraci\u00f3n Y Desarrollo \u2013 C.I.D, cuenta con un Programa Modularizado y Certificado llamado IMP\u00daLSATE YA, compuesto por un proceso de formaci\u00f3n grupal, con temas vinculados con la empleabilidad y el emprendimiento, por medio del cual y, de la mano de una persona mentora; quien facilita un m\u00ednimo de 6 Tutor\u00edas individuales y personalizadas, cada participante tiene como objetivo, delinear un Modelo de Negocio y un Perfil Ocupacional, por medio de la t\u00e9cnica Design Thinking as\u00ed como, la reconversi\u00f3n de perfil ocupacional. Se trata de un proceso apoyado y acompa\u00f1ado, integralmente, por todos los servicios de IRCA CASABIERTA, en respuesta a las necesidades de cada persona participante y conforme a la Trilog\u00eda para el Desarrollo bajo los componentes de: educaci\u00f3n, salud y trabajo, y con enfoque de Derechos Humanos.<\/span><\/p>\t\t\t\t\t\t\t\t<\/div>\n\t\t\t\t<\/div>\n\t\t\t\t\t<\/div>\n\t\t\t\t<\/div>\n\t\t<div class=\"elementor-element elementor-element-94ef423 e-grid e-con-full e-con e-parent\" data-id=\"94ef423\" data-element_type=\"container\" data-e-type=\"container\">\n\t\t\t\t<div class=\"elementor-element elementor-element-fb25764 elementor--h-position-center elementor--v-position-middle elementor-arrows-position-inside elementor-pagination-position-inside elementor-widget elementor-widget-slides\" data-id=\"fb25764\" data-element_type=\"widget\" data-e-type=\"widget\" data-settings=\"{&quot;navigation&quot;:&quot;both&quot;,&quot;autoplay&quot;:&quot;yes&quot;,&quot;pause_on_hover&quot;:&quot;yes&quot;,&quot;pause_on_interaction&quot;:&quot;yes&quot;,&quot;autoplay_speed&quot;:5000,&quot;infinite&quot;:&quot;yes&quot;,&quot;transition&quot;:&quot;slide&quot;,&quot;transition_speed&quot;:500}\" data-widget_type=\"slides.default\">\n\t\t\t\t<div class=\"elementor-widget-container\">\n\t\t\t\t\t\t\t\t\t<div class=\"elementor-swiper\">\n\t\t\t\t\t<div class=\"elementor-slides-wrapper elementor-main-swiper swiper\" role=\"region\" aria-roledescription=\"carousel\" aria-label=\"Slides\" dir=\"ltr\" data-animation=\"fadeInUp\">\n\t\t\t\t<div class=\"swiper-wrapper elementor-slides\">\n\t\t\t\t\t\t\t\t\t\t<div class=\"elementor-repeater-item-6bae9a4 swiper-slide\" role=\"group\" aria-roledescription=\"slide\"><div class=\"swiper-slide-bg\"><\/div><div class=\"swiper-slide-inner\" ><div class=\"swiper-slide-contents\"><div class=\"elementor-slide-heading\">Es hora y estoy liste para retomar mi ruta hacia la integraci\u00f3n y desarrollo con prop\u00f3sito<\/div><\/div><\/div><\/div><div class=\"elementor-repeater-item-320e145 swiper-slide\" role=\"group\" aria-roledescription=\"slide\"><div class=\"swiper-slide-bg\"><\/div><div class=\"swiper-slide-inner\" ><div class=\"swiper-slide-contents\"><div class=\"elementor-slide-description\">Despu\u00e9s de vivir experiencias de atenci\u00f3n, acompa\u00f1amiento, apoyo en un ambiente seguro, digno y profesional, con los servicios de trabajo social, psicolog\u00eda, asesor\u00eda legal en migraci\u00f3n y avanzando en mi autocuidado y mi salud f\u00edsica y emocional, en busca de alternativas para avanzar en mi proceso educativo y profesional, entonces soy una persona invitada, por medio del Centro de Integraci\u00f3n y Desarrollo C.I.D, a participar consciente, y voluntariamente de un proceso para construir mi Plan de Integraci\u00f3n y desarrollo de manera productiva, y digna en Costa Rica. \n<\/div><\/div><\/div><\/div>\t\t\t\t<\/div>\n\t\t\t\t\t\t\t\t\t\t\t\t\t\t\t<div class=\"elementor-swiper-button elementor-swiper-button-prev\" role=\"button\" tabindex=\"0\" aria-label=\"Previous slide\">\n\t\t\t\t\t\t\t<svg aria-hidden=\"true\" class=\"e-font-icon-svg e-eicon-chevron-left\" viewbox=\"0 0 1000 1000\" xmlns=\"http:\/\/www.w3.org\/2000\/svg\"><path d=\"M646 125C629 125 613 133 604 142L308 442C296 454 292 471 292 487 292 504 296 521 308 533L604 854C617 867 629 875 646 875 663 875 679 871 692 858 704 846 713 829 713 812 713 796 708 779 692 767L438 487 692 225C700 217 708 204 708 187 708 171 704 154 692 142 675 129 663 125 646 125Z\"><\/path><\/svg>\t\t\t\t\t\t<\/div>\n\t\t\t\t\t\t<div class=\"elementor-swiper-button elementor-swiper-button-next\" role=\"button\" tabindex=\"0\" aria-label=\"Next slide\">\n\t\t\t\t\t\t\t<svg aria-hidden=\"true\" class=\"e-font-icon-svg e-eicon-chevron-right\" viewbox=\"0 0 1000 1000\" xmlns=\"http:\/\/www.w3.org\/2000\/svg\"><path d=\"M696 533C708 521 713 504 713 487 713 471 708 454 696 446L400 146C388 133 375 125 354 125 338 125 325 129 313 142 300 154 292 171 292 187 292 204 296 221 308 233L563 492 304 771C292 783 288 800 288 817 288 833 296 850 308 863 321 871 338 875 354 875 371 875 388 867 400 854L696 533Z\"><\/path><\/svg>\t\t\t\t\t\t<\/div>\n\t\t\t\t\t\t\t\t\t\t\t\t\t\t\t\t<div class=\"swiper-pagination\"><\/div>\n\t\t\t\t\t\t\t\t\t\t\t\t<\/div>\n\t\t\t\t<\/div>\n\t\t\t\t\t\t\t\t<\/div>\n\t\t\t\t<\/div>\n\t\t\t\t<div class=\"elementor-element elementor-element-ca585a4 elementor--h-position-center elementor--v-position-middle elementor-arrows-position-inside elementor-pagination-position-inside elementor-widget elementor-widget-slides\" data-id=\"ca585a4\" data-element_type=\"widget\" data-e-type=\"widget\" data-settings=\"{&quot;navigation&quot;:&quot;both&quot;,&quot;autoplay&quot;:&quot;yes&quot;,&quot;pause_on_hover&quot;:&quot;yes&quot;,&quot;pause_on_interaction&quot;:&quot;yes&quot;,&quot;autoplay_speed&quot;:5000,&quot;infinite&quot;:&quot;yes&quot;,&quot;transition&quot;:&quot;slide&quot;,&quot;transition_speed&quot;:500}\" data-widget_type=\"slides.default\">\n\t\t\t\t<div class=\"elementor-widget-container\">\n\t\t\t\t\t\t\t\t\t<div class=\"elementor-swiper\">\n\t\t\t\t\t<div class=\"elementor-slides-wrapper elementor-main-swiper swiper\" role=\"region\" aria-roledescription=\"carousel\" aria-label=\"Slides\" dir=\"ltr\" data-animation=\"fadeInUp\">\n\t\t\t\t<div class=\"swiper-wrapper elementor-slides\">\n\t\t\t\t\t\t\t\t\t\t<div class=\"elementor-repeater-item-6bae9a4 swiper-slide\" role=\"group\" aria-roledescription=\"slide\"><div class=\"swiper-slide-bg\"><\/div><div class=\"swiper-slide-inner\" ><div class=\"swiper-slide-contents\"><div class=\"elementor-slide-heading\">La decisi\u00f3n es participar con todo el compromiso y prop\u00f3sitos claros de procesos formativos en los ejes de EMPLEABILIDAD Y EMPRENDIMIENTO <\/div><\/div><\/div><\/div><div class=\"elementor-repeater-item-320e145 swiper-slide\" role=\"group\" aria-roledescription=\"slide\"><div class=\"swiper-slide-bg\"><\/div><div class=\"swiper-slide-inner\" ><div class=\"swiper-slide-contents\"><div class=\"elementor-slide-description\">Con absoluta disposici\u00f3n y disponibilidad, me comprometo y asisto a todas las sesiones del Programa IMP\u00daLSATE YA, este es un espacio de formaci\u00f3n socio-educativas de manera presencial que me permitir\u00e1 fortalecer mi proceso de integraci\u00f3n en el contexto costarricense. Los nuevos aprendizajes, los utilizar\u00e9 como una herramienta y con un prop\u00f3sito constructivo y productivo, para las oportunidades laborales y\/o en las experiencias de emprendimiento, con ideas de negocio. En ambos escenarios, lograr\u00e9 retomar mi autonom\u00eda e independencia econ\u00f3mica y social, de una manera digna, en el marco de los Derechos Humanos y los Derechos LGBTIQ, hacia una ruta para la integraci\u00f3n y el desarrollo productivo en Costa Rica. \n<\/div><\/div><\/div><\/div>\t\t\t\t<\/div>\n\t\t\t\t\t\t\t\t\t\t\t\t\t\t\t<div class=\"elementor-swiper-button elementor-swiper-button-prev\" role=\"button\" tabindex=\"0\" aria-label=\"Previous slide\">\n\t\t\t\t\t\t\t<svg aria-hidden=\"true\" class=\"e-font-icon-svg e-eicon-chevron-left\" viewbox=\"0 0 1000 1000\" xmlns=\"http:\/\/www.w3.org\/2000\/svg\"><path d=\"M646 125C629 125 613 133 604 142L308 442C296 454 292 471 292 487 292 504 296 521 308 533L604 854C617 867 629 875 646 875 663 875 679 871 692 858 704 846 713 829 713 812 713 796 708 779 692 767L438 487 692 225C700 217 708 204 708 187 708 171 704 154 692 142 675 129 663 125 646 125Z\"><\/path><\/svg>\t\t\t\t\t\t<\/div>\n\t\t\t\t\t\t<div class=\"elementor-swiper-button elementor-swiper-button-next\" role=\"button\" tabindex=\"0\" aria-label=\"Next slide\">\n\t\t\t\t\t\t\t<svg aria-hidden=\"true\" class=\"e-font-icon-svg e-eicon-chevron-right\" viewbox=\"0 0 1000 1000\" xmlns=\"http:\/\/www.w3.org\/2000\/svg\"><path d=\"M696 533C708 521 713 504 713 487 713 471 708 454 696 446L400 146C388 133 375 125 354 125 338 125 325 129 313 142 300 154 292 171 292 187 292 204 296 221 308 233L563 492 304 771C292 783 288 800 288 817 288 833 296 850 308 863 321 871 338 875 354 875 371 875 388 867 400 854L696 533Z\"><\/path><\/svg>\t\t\t\t\t\t<\/div>\n\t\t\t\t\t\t\t\t\t\t\t\t\t\t\t\t<div class=\"swiper-pagination\"><\/div>\n\t\t\t\t\t\t\t\t\t\t\t\t<\/div>\n\t\t\t\t<\/div>\n\t\t\t\t\t\t\t\t<\/div>\n\t\t\t\t<\/div>\n\t\t\t\t<\/div>\n\t\t<div class=\"elementor-element elementor-element-9f246aa e-con-full e-grid e-con e-child\" data-id=\"9f246aa\" data-element_type=\"container\" data-e-type=\"container\">\n\t\t\t\t<div class=\"elementor-element elementor-element-a7b4e15 elementor-flip-box--effect-fade animated-slow elementor-invisible elementor-widget elementor-widget-flip-box\" data-id=\"a7b4e15\" data-element_type=\"widget\" data-e-type=\"widget\" data-settings=\"{&quot;_animation&quot;:&quot;pulse&quot;}\" data-widget_type=\"flip-box.default\">\n\t\t\t\t<div class=\"elementor-widget-container\">\n\t\t\t\t\t\t\t<div class=\"elementor-flip-box\" tabindex=\"0\">\n\t\t\t<div class=\"elementor-flip-box__layer elementor-flip-box__front\">\n\t\t\t\t<div class=\"elementor-flip-box__layer__overlay\">\n\t\t\t\t\t<div class=\"elementor-flip-box__layer__inner\">\n\t\t\t\t\t\t\n\t\t\t\t\t\t\t\t\t\t\t\t\t<h3 class=\"elementor-flip-box__layer__title\">\n\t\t\t\t\t\t\t\tINAUGURACI\u00d3N IRCAempleo Plus\t\t\t\t\t\t\t<\/h3>\n\t\t\t\t\t\t\n\t\t\t\t\t\t\t\t\t\t\t\t\t<div class=\"elementor-flip-box__layer__description\">\n\t\t\t\t\t\t\t\tConvenio con el Ministerio de Trabajo y Seguridad Social \t\t\t\t\t\t\t<\/div>\n\t\t\t\t\t\t\t\t\t\t\t<\/div>\n\t\t\t\t<\/div>\n\t\t\t<\/div>\n\t\t\t<div class=\"elementor-flip-box__layer elementor-flip-box__back\">\n\t\t\t<div class=\"elementor-flip-box__layer__overlay\">\n\t\t\t\t<div class=\"elementor-flip-box__layer__inner\">\n\t\t\t\t\t\t\t\t\t\t\t<h3 class=\"elementor-flip-box__layer__title\">\n\t\t\t\t\t\t\tIRCA CASABIERTA CUENTA CON SU PROPIA \t\t\t\t\t\t<\/h3>\n\t\t\t\t\t\n\t\t\t\t\t\t\t\t\t\t\t<div class=\"elementor-flip-box__layer__description\">\n\t\t\t\t\t\t\tHemos abierto nuestra oficina de empleo que forma parte del Sistema Nacional de empleo en Costa Rica. \t\t\t\t\t\t<\/div>\n\t\t\t\t\t\n\t\t\t\t\t\t\t\t\t\t\t<a class=\"elementor-flip-box__button elementor-button elementor-size-sm\" href=\"https:\/\/ircacasabierta.org\/en\/irca-empleo-plus\/\">\n\t\t\t\t\t\t\tM\u00e1s informaci\u00f3n\t\t\t\t\t\t<\/a>\n\t\t\t\t\t\t\t\t<\/div>\n\t\t<\/div>\n\t\t<\/div>\n\t\t<\/div>\n\t\t\t\t\t\t<\/div>\n\t\t\t\t<\/div>\n\t\t\t\t<\/div>\n\t\t\t\t<\/div>","protected":false},"excerpt":{"rendered":"<p>Centro de Integraci\u00f3n y Desarrollo El Centro de Integraci\u00f3n y Desarrollo \u2013 C.I.D., es el dispositivo de formaci\u00f3n y tutor\u00edas de IRCA CASABIERTA, creado con el objetivo de provocar oportunidades de empleabilidad y emprendimiento, por medio de servicios de formaci\u00f3n socio-educativa, orientaci\u00f3n y asesor\u00eda, que estimulan la autoconfianza, la voluntad y, la toma de decisiones,<\/p>","protected":false},"author":1,"featured_media":0,"parent":0,"menu_order":0,"comment_status":"closed","ping_status":"closed","template":"","meta":{"_rtcl_gb_attr":"","footnotes":""},"class_list":["post-181","page","type-page","status-publish","hentry"],"yoast_head":"<!-- This site is optimized with the Yoast SEO plugin v27.1.1 - https:\/\/yoast.com\/product\/yoast-seo-wordpress\/ -->\n<title>Centro de Integraci\u00f3n y Desarrollo - IRCA CASABIERTA<\/title>\n<meta name=\"robots\" content=\"index, follow, max-snippet:-1, max-image-preview:large, max-video-preview:-1\" \/>\n<link rel=\"canonical\" href=\"https:\/\/ircacasabierta.org\/en\/centro-de-integracion-y-desarrollo\/\" \/>\n<meta property=\"og:locale\" content=\"en_US\" \/>\n<meta property=\"og:type\" content=\"article\" \/>\n<meta property=\"og:title\" content=\"Centro de Integraci\u00f3n y Desarrollo - IRCA CASABIERTA\" \/>\n<meta property=\"og:description\" content=\"Centro de Integraci\u00f3n y Desarrollo El Centro de Integraci\u00f3n y Desarrollo \u2013 C.I.D., es el dispositivo de formaci\u00f3n y tutor\u00edas de IRCA CASABIERTA, creado con el objetivo de provocar oportunidades de empleabilidad y emprendimiento, por medio de servicios de formaci\u00f3n socio-educativa, orientaci\u00f3n y asesor\u00eda, que estimulan la autoconfianza, la voluntad y, la toma de decisiones,\" \/>\n<meta property=\"og:url\" content=\"https:\/\/ircacasabierta.org\/en\/centro-de-integracion-y-desarrollo\/\" \/>\n<meta property=\"og:site_name\" content=\"IRCA CASABIERTA\" \/>\n<meta property=\"article:publisher\" content=\"https:\/\/www.facebook.com\/IRCA.CASABIERTA\" \/>\n<meta property=\"article:modified_time\" content=\"2024-02-06T22:27:22+00:00\" \/>\n<meta property=\"og:image\" content=\"https:\/\/ircacasabierta.org\/wp-content\/uploads\/2023\/10\/LOGO-CID-version-final-791x1024.png\" \/>\n<meta name=\"twitter:card\" content=\"summary_large_image\" \/>\n<meta name=\"twitter:site\" content=\"@ICasabierta\" \/>\n<meta name=\"twitter:label1\" content=\"Est. reading time\" \/>\n\t<meta name=\"twitter:data1\" content=\"5 minutes\" \/>\n<script type=\"application\/ld+json\" class=\"yoast-schema-graph\">{\"@context\":\"https:\/\/schema.org\",\"@graph\":[{\"@type\":\"WebPage\",\"@id\":\"https:\/\/ircacasabierta.org\/centro-de-integracion-y-desarrollo\/\",\"url\":\"https:\/\/ircacasabierta.org\/centro-de-integracion-y-desarrollo\/\",\"name\":\"Centro de Integraci\u00f3n y Desarrollo - IRCA CASABIERTA\",\"isPartOf\":{\"@id\":\"https:\/\/ircacasabierta.org\/#website\"},\"primaryImageOfPage\":{\"@id\":\"https:\/\/ircacasabierta.org\/centro-de-integracion-y-desarrollo\/#primaryimage\"},\"image\":{\"@id\":\"https:\/\/ircacasabierta.org\/centro-de-integracion-y-desarrollo\/#primaryimage\"},\"thumbnailUrl\":\"https:\/\/ircacasabierta.org\/wp-content\/uploads\/2023\/10\/LOGO-CID-version-final-791x1024.png\",\"datePublished\":\"2023-09-21T17:07:04+00:00\",\"dateModified\":\"2024-02-06T22:27:22+00:00\",\"breadcrumb\":{\"@id\":\"https:\/\/ircacasabierta.org\/centro-de-integracion-y-desarrollo\/#breadcrumb\"},\"inLanguage\":\"en-US\",\"potentialAction\":[{\"@type\":\"ReadAction\",\"target\":[\"https:\/\/ircacasabierta.org\/centro-de-integracion-y-desarrollo\/\"]}]},{\"@type\":\"ImageObject\",\"inLanguage\":\"en-US\",\"@id\":\"https:\/\/ircacasabierta.org\/centro-de-integracion-y-desarrollo\/#primaryimage\",\"url\":\"https:\/\/ircacasabierta.org\/wp-content\/uploads\/2023\/10\/LOGO-CID-version-final-791x1024.png\",\"contentUrl\":\"https:\/\/ircacasabierta.org\/wp-content\/uploads\/2023\/10\/LOGO-CID-version-final-791x1024.png\"},{\"@type\":\"BreadcrumbList\",\"@id\":\"https:\/\/ircacasabierta.org\/centro-de-integracion-y-desarrollo\/#breadcrumb\",\"itemListElement\":[{\"@type\":\"ListItem\",\"position\":1,\"name\":\"Portada\",\"item\":\"https:\/\/ircacasabierta.org\/\"},{\"@type\":\"ListItem\",\"position\":2,\"name\":\"Centro de Integraci\u00f3n y Desarrollo\"}]},{\"@type\":\"WebSite\",\"@id\":\"https:\/\/ircacasabierta.org\/#website\",\"url\":\"https:\/\/ircacasabierta.org\/\",\"name\":\"IRCA CASABIERTA\",\"description\":\"Instituto sobre Migraci\u00f3n y Refugio LGBTIQ para Centroam\u00e9rica\",\"publisher\":{\"@id\":\"https:\/\/ircacasabierta.org\/#organization\"},\"potentialAction\":[{\"@type\":\"SearchAction\",\"target\":{\"@type\":\"EntryPoint\",\"urlTemplate\":\"https:\/\/ircacasabierta.org\/?s={search_term_string}\"},\"query-input\":{\"@type\":\"PropertyValueSpecification\",\"valueRequired\":true,\"valueName\":\"search_term_string\"}}],\"inLanguage\":\"en-US\"},{\"@type\":\"Organization\",\"@id\":\"https:\/\/ircacasabierta.org\/#organization\",\"name\":\"IRCA CASABIERTA\",\"url\":\"https:\/\/ircacasabierta.org\/\",\"logo\":{\"@type\":\"ImageObject\",\"inLanguage\":\"en-US\",\"@id\":\"https:\/\/ircacasabierta.org\/#\/schema\/logo\/image\/\",\"url\":\"https:\/\/ircacasabierta.org\/wp-content\/uploads\/2023\/09\/LOGOTIPO-IRCA-CASABIERTA-COMPLETO.png\",\"contentUrl\":\"https:\/\/ircacasabierta.org\/wp-content\/uploads\/2023\/09\/LOGOTIPO-IRCA-CASABIERTA-COMPLETO.png\",\"width\":1651,\"height\":474,\"caption\":\"IRCA CASABIERTA\"},\"image\":{\"@id\":\"https:\/\/ircacasabierta.org\/#\/schema\/logo\/image\/\"},\"sameAs\":[\"https:\/\/www.facebook.com\/IRCA.CASABIERTA\",\"https:\/\/x.com\/ICasabierta\",\"https:\/\/www.instagram.com\/ircacasabierta\/\"]}]}<\/script>\n<!-- \/ Yoast SEO plugin. -->","yoast_head_json":{"title":"Centro de Integraci\u00f3n y Desarrollo - IRCA CASABIERTA","robots":{"index":"index","follow":"follow","max-snippet":"max-snippet:-1","max-image-preview":"max-image-preview:large","max-video-preview":"max-video-preview:-1"},"canonical":"https:\/\/ircacasabierta.org\/en\/centro-de-integracion-y-desarrollo\/","og_locale":"en_US","og_type":"article","og_title":"Centro de Integraci\u00f3n y Desarrollo - IRCA CASABIERTA","og_description":"Centro de Integraci\u00f3n y Desarrollo El Centro de Integraci\u00f3n y Desarrollo \u2013 C.I.D., es el dispositivo de formaci\u00f3n y tutor\u00edas de IRCA CASABIERTA, creado con el objetivo de provocar oportunidades de empleabilidad y emprendimiento, por medio de servicios de formaci\u00f3n socio-educativa, orientaci\u00f3n y asesor\u00eda, que estimulan la autoconfianza, la voluntad y, la toma de decisiones,","og_url":"https:\/\/ircacasabierta.org\/en\/centro-de-integracion-y-desarrollo\/","og_site_name":"IRCA CASABIERTA","article_publisher":"https:\/\/www.facebook.com\/IRCA.CASABIERTA","article_modified_time":"2024-02-06T22:27:22+00:00","og_image":[{"url":"https:\/\/ircacasabierta.org\/wp-content\/uploads\/2023\/10\/LOGO-CID-version-final-791x1024.png","type":"","width":"","height":""}],"twitter_card":"summary_large_image","twitter_site":"@ICasabierta","twitter_misc":{"Est. reading time":"5 minutes"},"schema":{"@context":"https:\/\/schema.org","@graph":[{"@type":"WebPage","@id":"https:\/\/ircacasabierta.org\/centro-de-integracion-y-desarrollo\/","url":"https:\/\/ircacasabierta.org\/centro-de-integracion-y-desarrollo\/","name":"Centro de Integraci\u00f3n y Desarrollo - IRCA CASABIERTA","isPartOf":{"@id":"https:\/\/ircacasabierta.org\/#website"},"primaryImageOfPage":{"@id":"https:\/\/ircacasabierta.org\/centro-de-integracion-y-desarrollo\/#primaryimage"},"image":{"@id":"https:\/\/ircacasabierta.org\/centro-de-integracion-y-desarrollo\/#primaryimage"},"thumbnailUrl":"https:\/\/ircacasabierta.org\/wp-content\/uploads\/2023\/10\/LOGO-CID-version-final-791x1024.png","datePublished":"2023-09-21T17:07:04+00:00","dateModified":"2024-02-06T22:27:22+00:00","breadcrumb":{"@id":"https:\/\/ircacasabierta.org\/centro-de-integracion-y-desarrollo\/#breadcrumb"},"inLanguage":"en-US","potentialAction":[{"@type":"ReadAction","target":["https:\/\/ircacasabierta.org\/centro-de-integracion-y-desarrollo\/"]}]},{"@type":"ImageObject","inLanguage":"en-US","@id":"https:\/\/ircacasabierta.org\/centro-de-integracion-y-desarrollo\/#primaryimage","url":"https:\/\/ircacasabierta.org\/wp-content\/uploads\/2023\/10\/LOGO-CID-version-final-791x1024.png","contentUrl":"https:\/\/ircacasabierta.org\/wp-content\/uploads\/2023\/10\/LOGO-CID-version-final-791x1024.png"},{"@type":"BreadcrumbList","@id":"https:\/\/ircacasabierta.org\/centro-de-integracion-y-desarrollo\/#breadcrumb","itemListElement":[{"@type":"ListItem","position":1,"name":"Portada","item":"https:\/\/ircacasabierta.org\/"},{"@type":"ListItem","position":2,"name":"Centro de Integraci\u00f3n y Desarrollo"}]},{"@type":"WebSite","@id":"https:\/\/ircacasabierta.org\/#website","url":"https:\/\/ircacasabierta.org\/","name":"IRCA CASABIERTA","description":"Instituto sobre Migraci\u00f3n y Refugio LGBTIQ para Centroam\u00e9rica","publisher":{"@id":"https:\/\/ircacasabierta.org\/#organization"},"potentialAction":[{"@type":"SearchAction","target":{"@type":"EntryPoint","urlTemplate":"https:\/\/ircacasabierta.org\/?s={search_term_string}"},"query-input":{"@type":"PropertyValueSpecification","valueRequired":true,"valueName":"search_term_string"}}],"inLanguage":"en-US"},{"@type":"Organization","@id":"https:\/\/ircacasabierta.org\/#organization","name":"IRCA CASABIERTA","url":"https:\/\/ircacasabierta.org\/","logo":{"@type":"ImageObject","inLanguage":"en-US","@id":"https:\/\/ircacasabierta.org\/#\/schema\/logo\/image\/","url":"https:\/\/ircacasabierta.org\/wp-content\/uploads\/2023\/09\/LOGOTIPO-IRCA-CASABIERTA-COMPLETO.png","contentUrl":"https:\/\/ircacasabierta.org\/wp-content\/uploads\/2023\/09\/LOGOTIPO-IRCA-CASABIERTA-COMPLETO.png","width":1651,"height":474,"caption":"IRCA CASABIERTA"},"image":{"@id":"https:\/\/ircacasabierta.org\/#\/schema\/logo\/image\/"},"sameAs":["https:\/\/www.facebook.com\/IRCA.CASABIERTA","https:\/\/x.com\/ICasabierta","https:\/\/www.instagram.com\/ircacasabierta\/"]}]}},"_links":{"self":[{"href":"https:\/\/ircacasabierta.org\/en\/wp-json\/wp\/v2\/pages\/181","targetHints":{"allow":["GET"]}}],"collection":[{"href":"https:\/\/ircacasabierta.org\/en\/wp-json\/wp\/v2\/pages"}],"about":[{"href":"https:\/\/ircacasabierta.org\/en\/wp-json\/wp\/v2\/types\/page"}],"author":[{"embeddable":true,"href":"https:\/\/ircacasabierta.org\/en\/wp-json\/wp\/v2\/users\/1"}],"replies":[{"embeddable":true,"href":"https:\/\/ircacasabierta.org\/en\/wp-json\/wp\/v2\/comments?post=181"}],"version-history":[{"count":25,"href":"https:\/\/ircacasabierta.org\/en\/wp-json\/wp\/v2\/pages\/181\/revisions"}],"predecessor-version":[{"id":10846,"href":"https:\/\/ircacasabierta.org\/en\/wp-json\/wp\/v2\/pages\/181\/revisions\/10846"}],"wp:attachment":[{"href":"https:\/\/ircacasabierta.org\/en\/wp-json\/wp\/v2\/media?parent=181"}],"curies":[{"name":"wp","href":"https:\/\/api.w.org\/{rel}","templated":true}]}}